{"id":4065,"date":"2018-05-24T12:22:45","date_gmt":"2018-05-24T11:22:45","guid":{"rendered":"http:\/\/vitamundi.org\/que-fem\/ghana\/"},"modified":"2022-03-30T11:30:36","modified_gmt":"2022-03-30T10:30:36","slug":"ghana","status":"publish","type":"page","link":"http:\/\/vitamundi.org\/ca\/que-fem\/ghana\/","title":{"rendered":"Ghana"},"content":{"rendered":"<h1>Ghana<\/h1>\n<h4>GHANA<\/h4>\n<p>Des de l&#8217;any 2005 hem col.laborat a la zona de Elmina &#8211; al sud del pa\u00eds &#8211; amb diferents projectes enfocats als nens i dones de la zona.<\/p>\n<p>\t\t\t\t\t\t\t\t\t\t\t\tPROJECTES M\u00c8DICS\t\t\t\t\t<\/p>\n<ul>\n<li><strong>Expedici\u00f3 pediatra<\/strong>, i<strong>nfermera<\/strong> <strong>i<\/strong> <strong>t\u00e9cnic de laboratori<\/strong>. Hospital de WaleWale. A\u00f1o 2006<\/li>\n<li><strong>Microscop<\/strong> per el Hospital de WaleWale. Any 2006<\/li>\n<li><strong>Expedici\u00f3 dentistes<\/strong>. Hospital de Asikuma. Agost 2008<\/li>\n<li>Expedici\u00f3 pediatres.Hospital de Asikuma. Novembre 2009<\/li>\n<\/ul>\n<p>\t\t\t\t\t\t\t\t\t\t\t\tPROJECTES MICROCR\u00c8DITS &#8211; Finalitzat en l&#8217;any 2013 &#8211; \t\t\t\t\t<\/p>\n<p>El projecte es va desenvolupar des de l&#8217;any 2007 fins al 2013 amb el nom \u201cNo a la pobresa, S\u00ed a la dona treballadora\u00bb. Es van concedir <strong>microcr\u00e8dits a dones<\/strong> que hav\u00eden presentat un projecte empresarial degudament documentat (petits negocis o oficis) que els va permetre alleujar la dif\u00edcil situaci\u00f3 social i alhora\u00a0 potenciar la seva autonomia i independ\u00e8ncia econ\u00f3mica.<\/p>\n<p>Els microcr\u00e8dits (aproximadamente de 300 \u20ac) es van concedir amb condicions avantatjoses, per el tipus d&#8217; inter\u00e8s baix (IPC del pa\u00eds) i a tornar en tres anys amb possibilitat d&#8217;ampliar-ne el termini. Els microcr\u00e8dits eren rotatoris , la qual cosa significa significa que quan una dona havia reintegrat el tot donaal, aquest era concedit a un altra. Es van concedir un total de 70 microcr\u00e8dits, 10 dels quals per rotaci\u00f3.<\/p>\n<p>\t\t\t\t\t\t\t\t\t\t\t\tPROJECTE BEQUES\/APADRINAMIENT DE JOVES\t\t\t\t\t<\/p>\n<p>Es financen els costos habituals de <strong>matriculaci\u00f3<\/strong>,<strong> material escolar<\/strong> i<strong> vestuari de noies joves<\/strong> en el St.Mary\u00b4s Vocational Center, on reben cursos de Tall y Confecci\u00f3 i Cuina, amb la finalitat d&#8217;aprender un ofici i evitar que, davant la falta d&#8217;oportunitats, es vegin abocades a caure en xarxes d&#8217;explotaci\u00f3 sexual o altres activitats poc dignes.<\/p>\n<p>\t\t\t\t\t\t\t\t\t\t\t\tPROJECTE MENJADOR AFRIC\u00c0\t\t\t\t\t<\/p>\n<p>Construcci\u00f3 i adequaci\u00f3 d&#8217;un espaci per el seu \u00fas com a menjador, en el centre St. Anne Catholic School situat al poblat de Nkontrodo (Elmina), que permet acollir di\u00e0riament <strong>600 nens<\/strong> en torns de 150.<\/p>\n<p>Tamb\u00e9 s&#8217;ha finan\u00e7at\u00a0 la pavimentaci\u00f3 de 5 aules del col.legi de Nkontrodo, aix\u00ed com\u00a0 la alimentaci\u00f3 dels 600 alumnes.<\/p>\n<p>\t\t\t<a href=\"http:\/\/vitamundi.org\/que-pots-fer\/donacio-puntual\/?lang=ca\"><br \/>\n\t\t\t\t\t\t\u00bfVOLS COL.LABORAR EN AQUEST PROJECTE?<br \/>\n\t\t\t\t\t<\/a><\/p>\n<figure><img src=\"http:\/\/vitamundi.org\/wp-content\/uploads\/2018\/03\/slider_ghana6.jpg\" alt=\"slider_ghana6\" \/><\/figure>\n<figure><img src=\"http:\/\/vitamundi.org\/wp-content\/uploads\/2018\/01\/slider_ghana1-1.jpg\" alt=\"slider_ghana1\" \/><\/figure>\n<figure><img src=\"http:\/\/vitamundi.org\/wp-content\/uploads\/2018\/01\/slider_ghana2.jpg\" alt=\"slider_ghana2\" \/><\/figure>\n<figure><img src=\"http:\/\/vitamundi.org\/wp-content\/uploads\/2018\/03\/slider_ghana7.jpg\" alt=\"slider_ghana7\" \/><\/figure>\n<figure><img src=\"http:\/\/vitamundi.org\/wp-content\/uploads\/2018\/01\/slider_ghana3.jpg\" alt=\"slider_ghana3\" \/><\/figure>\n<figure><img src=\"http:\/\/vitamundi.org\/wp-content\/uploads\/2018\/01\/slider_ghana4.jpg\" alt=\"slider_ghana4\" \/><\/figure>\n<figure><img src=\"http:\/\/vitamundi.org\/wp-content\/uploads\/2018\/01\/slider_ghana5.jpg\" alt=\"slider_ghana5\" \/><\/figure>\n<h2>Qu\u00e9 fem a &#8230;<\/h2>\n<p>\t\t\t\t\t\t<a href=\"http:\/\/vitamundi.org\/ca\/que-fem\/guatemala\/\" data-elementor-open-lightbox=\"default\"><br \/>\n\t\t<img width=\"300\" height=\"179\" src=\"\" alt=\"\" loading=\"lazy\" srcset=\" 300w, http:\/\/vitamundi.org\/wp-content\/uploads\/2018\/01\/slider_guatemala1.jpg 570w\" sizes=\"(max-width: 300px) 100vw, 300px\" \/>\t\t\t\t<\/a><\/p>\n<h3>Guatemala<\/h3>\n<p>Des de el any 2000 estem compromessos amb\u00a0 les comunitats ind\u00edgenes de Guatemala en diversos projectes.<\/p>\n<p>\t\t\t\t\t\t<a href=\"http:\/\/vitamundi.org\/ca\/que-fem\/india\/\" data-elementor-open-lightbox=\"default\"><br \/>\n\t\t<img width=\"300\" height=\"179\" src=\"\" alt=\"\" loading=\"lazy\" srcset=\" 300w, http:\/\/vitamundi.org\/wp-content\/uploads\/2018\/02\/reparto-alimentos.jpg 570w\" sizes=\"(max-width: 300px) 100vw, 300px\" \/>\t\t\t\t<\/a><\/p>\n<h3>India<\/h3>\n<p>Col.laborem activament des de 2004 amb projectes d&#8217;alimentaci\u00f3, apadrinamients i facilitant assist\u00e8ncia m\u00e8dica.<\/p>\n<p>\t\t\t\t\t\t<a href=\"http:\/\/vitamundi.org\/ca\/que-fem\/ghana\/\" data-elementor-open-lightbox=\"default\"><br \/>\n\t\t<img width=\"300\" height=\"179\" src=\"\" alt=\"\" loading=\"lazy\" srcset=\" 300w, http:\/\/vitamundi.org\/wp-content\/uploads\/2018\/01\/slider_ghana1.jpg 570w\" sizes=\"(max-width: 300px) 100vw, 300px\" \/>\t\t\t\t<\/a><\/p>\n<h3>Ghana<\/h3>\n<p>Des de l&#8217;any 2005 col.laborem en la zona d&#8217; Elmina &#8211; al sud del pa\u00eds &#8211; amb diversos projectes enfocats a les dones de la zona.<\/p>\n<p>\t\t\t\t\t\t<a href=\"http:\/\/vitamundi.org\/ca\/que-fem\/barcelona\/\" data-elementor-open-lightbox=\"default\"><br \/>\n\t\t<img width=\"300\" height=\"179\" src=\"\" alt=\"\" loading=\"lazy\" srcset=\" 300w, http:\/\/vitamundi.org\/wp-content\/uploads\/2018\/01\/slider_meridiana1.jpg 570w\" sizes=\"(max-width: 300px) 100vw, 300px\" \/>\t\t\t\t<\/a><\/p>\n<h3>Barcelona<\/h3>\n<p>Des de l&#8217;any 2013 col.laborem a Ciutat Meridiana i Roquetes, barris amb grans necessitats alimentaries entre la poblaci\u00f3 infantil.<\/p>\n<h3><strong>ESTIMA, IMPULS, OPORTUNITAT<\/strong><\/h3>\n<p>Col.labora amb nosaltres en\u00a0 els nostres projectes<\/p>\n<p>\t\t\t<a href=\"http:\/\/vitamundi.org\/que-pots-fer\/?lang=ca\"><br \/>\n\t\t\t\t\t\tFES-TE COL.LABORADOR<br \/>\n\t\t\t\t\t<\/a><br \/>\n\t\t<img width=\"184\" height=\"39\" src=\"http:\/\/vitamundi.org\/wp-content\/uploads\/2018\/02\/logo-vitamundi-blanc.png\" alt=\"\" loading=\"lazy\" \/>\t\t<\/p>\n<p><strong>DADES DE CONTACTE<\/strong><\/p>\n<p><strong>ESTATUTS<\/strong><\/p>\n<p>Es una <strong>ONG per el Desenvolupament constitu\u00efda en Octubre del 2006<\/strong>, que pret\u00e9n coordinar accions puntuals i projectes sostenibles a llarg termini en diferents pa\u00efsos amb baix nivell de desenvolupament hum\u00e0, econ\u00f3mic i social.<\/p>\n<p><strong>Vita Mundi<\/strong><br \/>\nC.Balmes, 310, pral. 1\u00aa<br \/>\n08006 Barcelona<br \/>\nTel\u00e8fons:606 36 53 05\/639 25 05 36<\/p>\n<p><strong>Informaci\u00f3 General<\/strong>:<br \/>\n<a href=\"mailto:info@vitamundi.org\">info@vitamundi.org<\/a><br \/>\n<strong>Comunicaci\u00f3 i Marketing<\/strong>:<br \/>\n<a href=\"mailto:comunicacion@vitamundi.org\">comunicacion@vitamundi.org<\/a><\/p>\n<p style=\"text-align: left;\">\n<p>100% d&#8217; aportacions destinades als projectes.<br \/>\nDespeses asumides pels fundadors.<br \/>\nTots els viatges son asumits per els expedicionaris.<br \/>\nNo salaris.<\/p>\n<p><strong>SIGUEIX LES NOSTRES ACCIONS A LES XARXES<br \/>\n<\/strong><\/p>\n<p><strong>FES UNA DONACI\u00d3<\/strong><\/p>\n<p><strong>REP LA NOSTRA NEWSLETTER<\/strong><\/p>\n<p>\t\t\t\t\t\t\t<a href=\"https:\/\/www.facebook.com\/vitamundi\" target=\"_blank\" rel=\"noopener\"><br \/>\n\t\t\t\t\tFacebook<br \/>\n\t\t\t\t<\/a><br \/>\n\t\t\t\t\t\t\t<a href=\"https:\/\/twitter.com\/Vita_Mundi\" target=\"_blank\" rel=\"noopener\"><br \/>\n\t\t\t\t\tTwitter<br \/>\n\t\t\t\t<\/a><br \/>\n\t\t\t<a href=\"http:\/\/vitamundi.org\/que-pots-fer\/donacio-puntual\/?lang=ca\"><br \/>\n\t\t\t\t\t\tCol.labora<br \/>\n\t\t\t\t\t<\/a><br \/>\n\t\t\t<a href=\"mailto:info@vitamundi.org\"><br \/>\n\t\t\t\t\t\tSubscriu-te<br \/>\n\t\t\t\t\t<\/a><\/p>\n","protected":false},"excerpt":{"rendered":"<p>Ghana GHANA Des de l&#8217;any 2005 hem col.laborat a la zona de Elmina &#8211; al sud del pa\u00eds &#8211; amb diferents projectes enfocats als nens i dones de la zona. PROJECTES M\u00c8DICS Expedici\u00f3 pediatra, infermera i t\u00e9cnic de laboratori. Hospital de WaleWale. A\u00f1o 2006 Microscop per el Hospital de WaleWale. Any 2006 Expedici\u00f3 dentistes. Hospital &#8230; <\/p>\n<p class=\"read-more-container\"><a title=\"Ghana\" class=\"read-more button\" href=\"http:\/\/vitamundi.org\/ca\/que-fem\/ghana\/#more-4065\">Leer m\u00e1s<span class=\"screen-reader-text\">Ghana<\/span><\/a><\/p>\n","protected":false},"author":1,"featured_media":0,"parent":2797,"menu_order":3,"comment_status":"closed","ping_status":"closed","template":"","meta":{"generate_page_header":""},"_links":{"self":[{"href":"http:\/\/vitamundi.org\/ca\/wp-json\/wp\/v2\/pages\/4065"}],"collection":[{"href":"http:\/\/vitamundi.org\/ca\/wp-json\/wp\/v2\/pages"}],"about":[{"href":"http:\/\/vitamundi.org\/ca\/wp-json\/wp\/v2\/types\/page"}],"author":[{"embeddable":true,"href":"http:\/\/vitamundi.org\/ca\/wp-json\/wp\/v2\/users\/1"}],"replies":[{"embeddable":true,"href":"http:\/\/vitamundi.org\/ca\/wp-json\/wp\/v2\/comments?post=4065"}],"version-history":[{"count":54,"href":"http:\/\/vitamundi.org\/ca\/wp-json\/wp\/v2\/pages\/4065\/revisions"}],"predecessor-version":[{"id":7206,"href":"http:\/\/vitamundi.org\/ca\/wp-json\/wp\/v2\/pages\/4065\/revisions\/7206"}],"up":[{"embeddable":true,"href":"http:\/\/vitamundi.org\/ca\/wp-json\/wp\/v2\/pages\/2797"}],"wp:attachment":[{"href":"http:\/\/vitamundi.org\/ca\/wp-json\/wp\/v2\/media?parent=4065"}],"curies":[{"name":"wp","href":"https:\/\/api.w.org\/{rel}","templated":true}]}}